{"id":7743,"date":"2026-02-20T09:28:14","date_gmt":"2026-02-20T08:28:14","guid":{"rendered":"https:\/\/katastrophenschutz-bedarf.de\/?post_type=product&#038;p=7743"},"modified":"2026-02-23T12:15:41","modified_gmt":"2026-02-23T11:15:41","slug":"weisse-tragetasche","status":"publish","type":"product","link":"https:\/\/katastrophenschutz-bedarf.de\/en\/produkt\/weisse-tragetasche\/","title":{"rendered":"Wei\u00dfe Tragetasche"},"content":{"rendered":"<p>&nbsp;<\/p>\n<div class=\"elementToProof\"><span class=\"elementToProof\">Entdecke die vielseitige <b>wei\u00dfe Tragetasche<\/b>\u00a0im extragro\u00dfen Format <b>68 \u00d7 41 \u00d7 22 cm<\/b>\u00a0 Mit einem Fassungsverm\u00f6gen von rund <b>60 Litern<\/b>\u00a0bietet diese ger\u00e4umige Tasche ausreichend Platz f\u00fcr Eink\u00e4ufe, Kleidung, Ausr\u00fcstung oder Vorr\u00e4te.<\/span><\/div>\n<div class=\"elementToProof\"><span class=\"elementToProof\">Das schlichte Design in Wei\u00df macht die Tasche zu einem idealen Begleiter f\u00fcr jede Gelegenheit. Sie besteht aus robustem, langlebigem Material und h\u00e4lt auch hohen Belastungen stand. Dank der stabilen Tragegriffe l\u00e4sst sich die Einkaufstasche angenehm transportieren \u2013 selbst bei hohem Gewicht.<\/span><\/div>\n<ul>\n<li>\n<div role=\"presentation\"><span class=\"elementToProof\">Gro\u00dfes Volumen von 60\u202fLitern<\/span><\/div>\n<\/li>\n<li>\n<div class=\"elementToProof\" role=\"presentation\"><span class=\"elementToProof\">Ma\u00dfe: 68 \u00d7 41 \u00d7 22 cm<\/span><\/div>\n<\/li>\n<li><span class=\"elementToProof\" role=\"presentation\">Robustes, langlebiges Material<\/span><\/li>\n<li>\n<div class=\"elementToProof\" role=\"presentation\">Schlichtes <span class=\"elementToProof\"> wei\u00dfes Design<\/span><\/div>\n<\/li>\n<li><span class=\"elementToProof\" role=\"presentation\">Stabile, komfortable Tragegriffe<\/span><\/li>\n<li>\n<div class=\"elementToProof\" role=\"presentation\">Vielseitig Einsetzbar<\/div>\n<\/li>\n<\/ul>\n","protected":false},"excerpt":{"rendered":"<div class=\"flex flex-col text-sm pb-25\">\n<article class=\"text-token-text-primary w-full focus:outline-none [--shadow-height:45px] has-data-writing-block:pointer-events-none has-data-writing-block:-mt-(--shadow-height) has-data-writing-block:pt-(--shadow-height) [&amp;:has([data-writing-block])&gt;*]:pointer-events-auto scroll-mt-[calc(var(--header-height)+min(200px,max(70px,20svh)))]\" dir=\"auto\" tabindex=\"-1\" data-turn-id=\"request-WEB:ba71f4c7-41eb-418b-907b-488a1b979f75-8\" data-testid=\"conversation-turn-18\" data-scroll-anchor=\"true\" data-turn=\"assistant\">\n<div class=\"text-base my-auto mx-auto pb-10 [--thread-content-margin:--spacing(4)] @w-sm\/main:[--thread-content-margin:--spacing(6)] @w-lg\/main:[--thread-content-margin:--spacing(16)] px-(--thread-content-margin)\">\n<div class=\"[--thread-content-max-width:40rem] @w-lg\/main:[--thread-content-max-width:48rem] mx-auto max-w-(--thread-content-max-width) flex-1 group\/turn-messages focus-visible:outline-hidden relative flex w-full min-w-0 flex-col agent-turn\" tabindex=\"-1\">\n<div class=\"flex max-w-full flex-col grow\">\n<div class=\"min-h-8 text-message relative flex w-full flex-col items-end gap-2 text-start break-words whitespace-normal [.text-message+&amp;]:mt-1\" dir=\"auto\" data-message-author-role=\"assistant\" data-message-id=\"4c618dc4-219a-400d-a69f-d5b1eaaf1f5c\" data-message-model-slug=\"gpt-5-2\">\n<div class=\"flex w-full flex-col gap-1 empty:hidden first:pt-[1px]\">\n<div class=\"markdown prose dark:prose-invert w-full wrap-break-word light markdown-new-styling\">\n<p data-start=\"0\" data-end=\"251\" data-is-last-node=\"\" data-is-only-node=\"\">Diese extragro\u00dfe wei\u00dfe Tragetasche (68 \u00d7 41 \u00d7 22 cm, ca. 60 L) bietet viel Platz f\u00fcr Eink\u00e4ufe, Kleidung oder Ausr\u00fcstung. Robustes Material und stabile Tragegriffe sorgen f\u00fcr zuverl\u00e4ssigen und bequemen Transport \u2013 ideal f\u00fcr Alltag, Reise oder Lagerung.<\/p>\n<\/div>\n<\/div>\n<\/div>\n<\/div>\n<div class=\"z-0 flex min-h-[46px] justify-start\"><\/div>\n<div class=\"mt-3 w-full empty:hidden\">\n<div class=\"text-center\"><\/div>\n<\/div>\n<\/div>\n<\/div>\n<\/article>\n<\/div>\n<div class=\"pointer-events-none h-px w-px absolute bottom-0\" aria-hidden=\"true\" data-edge=\"true\"><\/div>\n","protected":false},"featured_media":7746,"comment_status":"closed","ping_status":"closed","template":"","meta":{"_acf_changed":false,"inline_featured_image":false},"product_brand":[],"product_cat":[108,163],"product_tag":[],"class_list":{"0":"post-7743","1":"product","2":"type-product","3":"status-publish","4":"has-post-thumbnail","6":"product_cat-a2w","7":"product_cat-leben-wohnen","9":"first","10":"instock","11":"taxable","12":"shipping-taxable","13":"purchasable","14":"product-type-variable"},"acf":[],"yoast_head":"<!-- This site is optimized with the Yoast SEO plugin v27.4 - https:\/\/yoast.com\/product\/yoast-seo-wordpress\/ -->\n<title>Wei\u00dfe Tragetasche - Katastrophenschutz-Bedarf<\/title>\n<meta name=\"description\" content=\"Extragro\u00dfe wei\u00dfe Tragetasche (68\u00d741\u00d722 cm) mit 60 L Volumen. Robust, langlebig und bequem zu tragen \u2013 ideal f\u00fcr Einkauf, Reise &amp; Alltag.\" \/>\n<meta name=\"robots\" content=\"index, follow, max-snippet:-1, max-image-preview:large, max-video-preview:-1\" \/>\n<link rel=\"canonical\" href=\"https:\/\/katastrophenschutz-bedarf.de\/en\/produkt\/weisse-tragetasche\/\" \/>\n<meta property=\"og:locale\" content=\"en_US\" \/>\n<meta property=\"og:type\" content=\"article\" \/>\n<meta property=\"og:title\" content=\"Wei\u00dfe Tragetasche - Katastrophenschutz-Bedarf\" \/>\n<meta property=\"og:description\" content=\"Extragro\u00dfe wei\u00dfe Tragetasche (68\u00d741\u00d722 cm) mit 60 L Volumen. Robust, langlebig und bequem zu tragen \u2013 ideal f\u00fcr Einkauf, Reise &amp; Alltag.\" \/>\n<meta property=\"og:url\" content=\"https:\/\/katastrophenschutz-bedarf.de\/en\/produkt\/weisse-tragetasche\/\" \/>\n<meta property=\"og:site_name\" content=\"Katastrophenschutz-Bedarf\" \/>\n<meta property=\"article:modified_time\" content=\"2026-02-23T11:15:41+00:00\" \/>\n<meta property=\"og:image\" content=\"https:\/\/katastrophenschutz-bedarf.de\/wp-content\/uploads\/2026\/02\/Tragetasche.jpg\" \/>\n\t<meta property=\"og:image:width\" content=\"648\" \/>\n\t<meta property=\"og:image:height\" content=\"648\" \/>\n\t<meta property=\"og:image:type\" content=\"image\/jpeg\" \/>\n<meta name=\"twitter:card\" content=\"summary_large_image\" \/>\n<meta name=\"twitter:label1\" content=\"Est. reading time\" \/>\n\t<meta name=\"twitter:data1\" content=\"1 minute\" \/>\n<script type=\"application\/ld+json\" class=\"yoast-schema-graph\">{\"@context\":\"https:\\\/\\\/schema.org\",\"@graph\":[{\"@type\":\"WebPage\",\"@id\":\"https:\\\/\\\/katastrophenschutz-bedarf.de\\\/en\\\/produkt\\\/weisse-tragetasche\\\/\",\"url\":\"https:\\\/\\\/katastrophenschutz-bedarf.de\\\/en\\\/produkt\\\/weisse-tragetasche\\\/\",\"name\":\"Wei\u00dfe Tragetasche - Katastrophenschutz-Bedarf\",\"isPartOf\":{\"@id\":\"https:\\\/\\\/katastrophenschutz-bedarf.de\\\/en\\\/#website\"},\"primaryImageOfPage\":{\"@id\":\"https:\\\/\\\/katastrophenschutz-bedarf.de\\\/en\\\/produkt\\\/weisse-tragetasche\\\/#primaryimage\"},\"image\":{\"@id\":\"https:\\\/\\\/katastrophenschutz-bedarf.de\\\/en\\\/produkt\\\/weisse-tragetasche\\\/#primaryimage\"},\"thumbnailUrl\":\"https:\\\/\\\/katastrophenschutz-bedarf.de\\\/wp-content\\\/uploads\\\/2026\\\/02\\\/Tragetasche.jpg\",\"datePublished\":\"2026-02-20T08:28:14+00:00\",\"dateModified\":\"2026-02-23T11:15:41+00:00\",\"description\":\"Extragro\u00dfe wei\u00dfe Tragetasche (68\u00d741\u00d722 cm) mit 60 L Volumen. Robust, langlebig und bequem zu tragen \u2013 ideal f\u00fcr Einkauf, Reise & Alltag.\",\"breadcrumb\":{\"@id\":\"https:\\\/\\\/katastrophenschutz-bedarf.de\\\/en\\\/produkt\\\/weisse-tragetasche\\\/#breadcrumb\"},\"inLanguage\":\"en-US\",\"potentialAction\":[{\"@type\":\"ReadAction\",\"target\":[\"https:\\\/\\\/katastrophenschutz-bedarf.de\\\/en\\\/produkt\\\/weisse-tragetasche\\\/\"]}]},{\"@type\":\"ImageObject\",\"inLanguage\":\"en-US\",\"@id\":\"https:\\\/\\\/katastrophenschutz-bedarf.de\\\/en\\\/produkt\\\/weisse-tragetasche\\\/#primaryimage\",\"url\":\"https:\\\/\\\/katastrophenschutz-bedarf.de\\\/wp-content\\\/uploads\\\/2026\\\/02\\\/Tragetasche.jpg\",\"contentUrl\":\"https:\\\/\\\/katastrophenschutz-bedarf.de\\\/wp-content\\\/uploads\\\/2026\\\/02\\\/Tragetasche.jpg\",\"width\":648,\"height\":648,\"caption\":\"Tragetasche\"},{\"@type\":\"BreadcrumbList\",\"@id\":\"https:\\\/\\\/katastrophenschutz-bedarf.de\\\/en\\\/produkt\\\/weisse-tragetasche\\\/#breadcrumb\",\"itemListElement\":[{\"@type\":\"ListItem\",\"position\":1,\"name\":\"Startseite\",\"item\":\"https:\\\/\\\/katastrophenschutz-bedarf.de\\\/en\\\/\"},{\"@type\":\"ListItem\",\"position\":2,\"name\":\"Shop\",\"item\":\"https:\\\/\\\/katastrophenschutz-bedarf.de\\\/shop\\\/\"},{\"@type\":\"ListItem\",\"position\":3,\"name\":\"Wei\u00dfe Tragetasche\"}]},{\"@type\":\"WebSite\",\"@id\":\"https:\\\/\\\/katastrophenschutz-bedarf.de\\\/en\\\/#website\",\"url\":\"https:\\\/\\\/katastrophenschutz-bedarf.de\\\/en\\\/\",\"name\":\"Katastrophenschutz-Bedarf\",\"description\":\"Katastrophenschutz \u2013 bestens vorbereitet!\",\"publisher\":{\"@id\":\"https:\\\/\\\/katastrophenschutz-bedarf.de\\\/en\\\/#organization\"},\"potentialAction\":[{\"@type\":\"SearchAction\",\"target\":{\"@type\":\"EntryPoint\",\"urlTemplate\":\"https:\\\/\\\/katastrophenschutz-bedarf.de\\\/en\\\/?s={search_term_string}\"},\"query-input\":{\"@type\":\"PropertyValueSpecification\",\"valueRequired\":true,\"valueName\":\"search_term_string\"}}],\"inLanguage\":\"en-US\"},{\"@type\":\"Organization\",\"@id\":\"https:\\\/\\\/katastrophenschutz-bedarf.de\\\/en\\\/#organization\",\"name\":\"Katastrophenschutz-Bedarf\",\"alternateName\":\"a2w.help\",\"url\":\"https:\\\/\\\/katastrophenschutz-bedarf.de\\\/en\\\/\",\"logo\":{\"@type\":\"ImageObject\",\"inLanguage\":\"en-US\",\"@id\":\"https:\\\/\\\/katastrophenschutz-bedarf.de\\\/en\\\/#\\\/schema\\\/logo\\\/image\\\/\",\"url\":\"https:\\\/\\\/katastrophenschutz-bedarf.de\\\/wp-content\\\/uploads\\\/2024\\\/11\\\/cropped-Logo-a2w.png\",\"contentUrl\":\"https:\\\/\\\/katastrophenschutz-bedarf.de\\\/wp-content\\\/uploads\\\/2024\\\/11\\\/cropped-Logo-a2w.png\",\"width\":512,\"height\":512,\"caption\":\"Katastrophenschutz-Bedarf\"},\"image\":{\"@id\":\"https:\\\/\\\/katastrophenschutz-bedarf.de\\\/en\\\/#\\\/schema\\\/logo\\\/image\\\/\"}}]}<\/script>\n<!-- \/ Yoast SEO plugin. -->","yoast_head_json":{"title":"Wei\u00dfe Tragetasche - Katastrophenschutz-Bedarf","description":"Extragro\u00dfe wei\u00dfe Tragetasche (68\u00d741\u00d722 cm) mit 60 L Volumen. Robust, langlebig und bequem zu tragen \u2013 ideal f\u00fcr Einkauf, Reise & Alltag.","robots":{"index":"index","follow":"follow","max-snippet":"max-snippet:-1","max-image-preview":"max-image-preview:large","max-video-preview":"max-video-preview:-1"},"canonical":"https:\/\/katastrophenschutz-bedarf.de\/en\/produkt\/weisse-tragetasche\/","og_locale":"en_US","og_type":"article","og_title":"Wei\u00dfe Tragetasche - Katastrophenschutz-Bedarf","og_description":"Extragro\u00dfe wei\u00dfe Tragetasche (68\u00d741\u00d722 cm) mit 60 L Volumen. Robust, langlebig und bequem zu tragen \u2013 ideal f\u00fcr Einkauf, Reise & Alltag.","og_url":"https:\/\/katastrophenschutz-bedarf.de\/en\/produkt\/weisse-tragetasche\/","og_site_name":"Katastrophenschutz-Bedarf","article_modified_time":"2026-02-23T11:15:41+00:00","og_image":[{"width":648,"height":648,"url":"https:\/\/katastrophenschutz-bedarf.de\/wp-content\/uploads\/2026\/02\/Tragetasche.jpg","type":"image\/jpeg"}],"twitter_card":"summary_large_image","twitter_misc":{"Est. reading time":"1 minute"},"schema":{"@context":"https:\/\/schema.org","@graph":[{"@type":"WebPage","@id":"https:\/\/katastrophenschutz-bedarf.de\/en\/produkt\/weisse-tragetasche\/","url":"https:\/\/katastrophenschutz-bedarf.de\/en\/produkt\/weisse-tragetasche\/","name":"Wei\u00dfe Tragetasche - Katastrophenschutz-Bedarf","isPartOf":{"@id":"https:\/\/katastrophenschutz-bedarf.de\/en\/#website"},"primaryImageOfPage":{"@id":"https:\/\/katastrophenschutz-bedarf.de\/en\/produkt\/weisse-tragetasche\/#primaryimage"},"image":{"@id":"https:\/\/katastrophenschutz-bedarf.de\/en\/produkt\/weisse-tragetasche\/#primaryimage"},"thumbnailUrl":"https:\/\/katastrophenschutz-bedarf.de\/wp-content\/uploads\/2026\/02\/Tragetasche.jpg","datePublished":"2026-02-20T08:28:14+00:00","dateModified":"2026-02-23T11:15:41+00:00","description":"Extragro\u00dfe wei\u00dfe Tragetasche (68\u00d741\u00d722 cm) mit 60 L Volumen. Robust, langlebig und bequem zu tragen \u2013 ideal f\u00fcr Einkauf, Reise & Alltag.","breadcrumb":{"@id":"https:\/\/katastrophenschutz-bedarf.de\/en\/produkt\/weisse-tragetasche\/#breadcrumb"},"inLanguage":"en-US","potentialAction":[{"@type":"ReadAction","target":["https:\/\/katastrophenschutz-bedarf.de\/en\/produkt\/weisse-tragetasche\/"]}]},{"@type":"ImageObject","inLanguage":"en-US","@id":"https:\/\/katastrophenschutz-bedarf.de\/en\/produkt\/weisse-tragetasche\/#primaryimage","url":"https:\/\/katastrophenschutz-bedarf.de\/wp-content\/uploads\/2026\/02\/Tragetasche.jpg","contentUrl":"https:\/\/katastrophenschutz-bedarf.de\/wp-content\/uploads\/2026\/02\/Tragetasche.jpg","width":648,"height":648,"caption":"Tragetasche"},{"@type":"BreadcrumbList","@id":"https:\/\/katastrophenschutz-bedarf.de\/en\/produkt\/weisse-tragetasche\/#breadcrumb","itemListElement":[{"@type":"ListItem","position":1,"name":"Startseite","item":"https:\/\/katastrophenschutz-bedarf.de\/en\/"},{"@type":"ListItem","position":2,"name":"Shop","item":"https:\/\/katastrophenschutz-bedarf.de\/shop\/"},{"@type":"ListItem","position":3,"name":"Wei\u00dfe Tragetasche"}]},{"@type":"WebSite","@id":"https:\/\/katastrophenschutz-bedarf.de\/en\/#website","url":"https:\/\/katastrophenschutz-bedarf.de\/en\/","name":"Katastrophenschutz-Bedarf","description":"Katastrophenschutz \u2013 bestens vorbereitet!","publisher":{"@id":"https:\/\/katastrophenschutz-bedarf.de\/en\/#organization"},"potentialAction":[{"@type":"SearchAction","target":{"@type":"EntryPoint","urlTemplate":"https:\/\/katastrophenschutz-bedarf.de\/en\/?s={search_term_string}"},"query-input":{"@type":"PropertyValueSpecification","valueRequired":true,"valueName":"search_term_string"}}],"inLanguage":"en-US"},{"@type":"Organization","@id":"https:\/\/katastrophenschutz-bedarf.de\/en\/#organization","name":"Katastrophenschutz-Bedarf","alternateName":"a2w.help","url":"https:\/\/katastrophenschutz-bedarf.de\/en\/","logo":{"@type":"ImageObject","inLanguage":"en-US","@id":"https:\/\/katastrophenschutz-bedarf.de\/en\/#\/schema\/logo\/image\/","url":"https:\/\/katastrophenschutz-bedarf.de\/wp-content\/uploads\/2024\/11\/cropped-Logo-a2w.png","contentUrl":"https:\/\/katastrophenschutz-bedarf.de\/wp-content\/uploads\/2024\/11\/cropped-Logo-a2w.png","width":512,"height":512,"caption":"Katastrophenschutz-Bedarf"},"image":{"@id":"https:\/\/katastrophenschutz-bedarf.de\/en\/#\/schema\/logo\/image\/"}}]}},"_links":{"self":[{"href":"https:\/\/katastrophenschutz-bedarf.de\/en\/wp-json\/wp\/v2\/product\/7743","targetHints":{"allow":["GET"]}}],"collection":[{"href":"https:\/\/katastrophenschutz-bedarf.de\/en\/wp-json\/wp\/v2\/product"}],"about":[{"href":"https:\/\/katastrophenschutz-bedarf.de\/en\/wp-json\/wp\/v2\/types\/product"}],"replies":[{"embeddable":true,"href":"https:\/\/katastrophenschutz-bedarf.de\/en\/wp-json\/wp\/v2\/comments?post=7743"}],"wp:featuredmedia":[{"embeddable":true,"href":"https:\/\/katastrophenschutz-bedarf.de\/en\/wp-json\/wp\/v2\/media\/7746"}],"wp:attachment":[{"href":"https:\/\/katastrophenschutz-bedarf.de\/en\/wp-json\/wp\/v2\/media?parent=7743"}],"wp:term":[{"taxonomy":"product_brand","embeddable":true,"href":"https:\/\/katastrophenschutz-bedarf.de\/en\/wp-json\/wp\/v2\/product_brand?post=7743"},{"taxonomy":"product_cat","embeddable":true,"href":"https:\/\/katastrophenschutz-bedarf.de\/en\/wp-json\/wp\/v2\/product_cat?post=7743"},{"taxonomy":"product_tag","embeddable":true,"href":"https:\/\/katastrophenschutz-bedarf.de\/en\/wp-json\/wp\/v2\/product_tag?post=7743"}],"curies":[{"name":"wp","href":"https:\/\/api.w.org\/{rel}","templated":true}]}}